{"id":192,"date":"2022-05-10T13:18:17","date_gmt":"2022-05-10T13:18:17","guid":{"rendered":"https:\/\/medna.de\/?page_id=192"},"modified":"2022-05-10T18:34:33","modified_gmt":"2022-05-10T18:34:33","slug":"myoreflextherapie-2","status":"publish","type":"page","link":"https:\/\/medna.de\/?page_id=192","title":{"rendered":"Myoreflextherapie"},"content":{"rendered":"\n<div class=\"wp-block-image\"><figure class=\"alignright size-full is-resized\"><img loading=\"lazy\" decoding=\"async\" src=\"https:\/\/medna.de\/wp-content\/uploads\/2022\/05\/grafik.png\" alt=\"\" class=\"wp-image-245\" width=\"189\" height=\"199\" srcset=\"https:\/\/medna.de\/wp-content\/uploads\/2022\/05\/grafik.png 656w, https:\/\/medna.de\/wp-content\/uploads\/2022\/05\/grafik-286x300.png 286w\" sizes=\"auto, (max-width: 189px) 100vw, 189px\" \/><\/figure><\/div>\n\n\n\n<p>Die Myorefletherapie ist eine manuelle Regulationstherapie. Die Behandlung erfolgt am muskul\u00e4ren (myos) System des Bewegungsapparates. Gleichzeitig bietet sie Zugriff auf alle K\u00f6rperfunktionen und Organe.<\/p>\n\n\n\n<p><strong>Was ist Schmerz?<\/strong><\/p>\n\n\n\n<p>Schmerzen k\u00f6nnen als Signal eines gest\u00f6rten k\u00f6rperlichen Gesamtgleichgewichtes sowie einer gest\u00f6rten Bewegungsgeometrie betrachtet werden. Sehr viele Schmerzgeschehnisse und degenerative Ver\u00e4nderungen entstehen aufgrund funktioneller Fehl- und \u00dcberbelastungen, Bewegungsarmut, psychischer Belastung und vielem mehr.<\/p>\n\n\n\n<p><strong>Wie wirkt Myoreflextherapie?<\/strong><\/p>\n\n\n\n<p>Bei der Myoreflextherapie werden in erster Linie Muskelans\u00e4tze behandelt. Nach einem Funktions- und Tastbefund wird \u00fcber Druckpunktstimulation an ganz bestimmten Regulationspunkten der Muskulatur ein Reiz gesetzt. Dieser wird an das Gehirn weitergeleitet. Von dort aus wird das Spannungsmuster der jeweiligen Muskulatur reflektorisch reguliert. Ver\u00e4ndern und regulieren sich die muskul\u00e4ren Arbeits- und Bewegungsmuster, k\u00f6nnen die Beschwerdebilder abklingen, Gelenke und Weichteilestrukturen erfahren eine Entlastung und selbst chronisch degenerativ fortschreitende Ver\u00e4nderungen werden aufgehalten und regenerieren.<\/p>\n\n\n\n<p>Dabei st\u00fctzt sich diese Therapie nach Dr. Kurt Mosetter auf verschiedene Eckpfeiler:<\/p>\n\n\n\n<ul class=\"wp-block-list\"><li>Anatomie, Orthop\u00e4die<\/li><li>individuelle Schmerzbiographie<\/li><li>Biochemie, Neurobiochemie<\/li><li>Physik, Biokinematik<\/li><li>Psychologische Medizin, Psychotraumatologie<\/li><li>TCM, Akupunktursysteme<\/li><li>Gehirnforschung<\/li><\/ul>\n\n\n\n<p><strong>F\u00fcr welche Erkrankungen ist die Myoreflextherapie besonders geeignet?<\/strong><\/p>\n\n\n\n<p>Erkrankungen des <strong>gesamten Bereichs &#8222;Bewegungsapparat&#8220;<\/strong> mit Muskeln, Sehnen, Gelenken, B\u00e4ndern, z. B.<\/p>\n\n\n\n<ul class=\"wp-block-list\"><li>Lumboischialgie (&#8222;Hexenschuss&#8220;)<\/li><li>Bandscheibenvorfall<\/li><li>chronische Schmerzen<\/li><li>Kniefunktionsst\u00f6rungen<\/li><li>Schulter-Arm-Syndrom<\/li><li>Fibromyalgie<\/li><li>Schleudertrauma<\/li><li>funktionelle Gelenkblockaden, Arthrose<\/li><li>Skoliose<\/li><\/ul>\n\n\n\n<p><strong>funktionelle Organst\u00f6rungen<\/strong>, z. B.<\/p>\n\n\n\n<ul class=\"wp-block-list\"><li>funktionelle Bluthochdruck<\/li><li>funktionelle Herzrhythmusst\u00f6rungen<\/li><li>funktionelle Atembeschwerden (Asthma)<\/li><\/ul>\n\n\n\n<p>\u00fcber die Verbindung der Kopfgelenke mit <strong>Auge, Ohr und Kiefer<\/strong><\/p>\n\n\n\n<ul class=\"wp-block-list\"><li>Migr\u00e4ne, Kopfschmerz, Schwindel<\/li><li>Sehst\u00f6rungen<\/li><li>Tinnitus<\/li><li>Kiefergelenkst\u00f6rungen<\/li><\/ul>\n\n\n\n<p><strong>Psychotraumatische Belastungen<\/strong><\/p>\n\n\n\n<ul class=\"wp-block-list\"><li>Angst (mit Verspannungszust\u00e4nden nach Unfall\/ \u00dcberfall\/Gewalt)<\/li><li>Chronische emotionale Belastungen<\/li><li>Burnout<\/li><\/ul>\n\n\n\n<p><strong>ADHS\/ADS<\/strong><\/p>\n\n\n\n<ul class=\"wp-block-list\"><li>bei Kindern und Erwachsenen<\/li><\/ul>\n","protected":false},"excerpt":{"rendered":"<p>Die Myorefletherapie ist eine manuelle Regulationstherapie. Die Behandlung erfolgt am muskul\u00e4ren (myos) System des Bewegungsapparates. Gleichzeitig bietet sie Zugriff auf alle K\u00f6rperfunktionen und Organe. Was ist Schmerz? Schmerzen k\u00f6nnen als Signal eines gest\u00f6rten k\u00f6rperlichen Gesamtgleichgewichtes sowie einer gest\u00f6rten Bewegungsgeometrie betrachtet werden. Sehr viele Schmerzgeschehnisse und degenerative Ver\u00e4nderungen entstehen aufgrund funktioneller Fehl- und \u00dcberbelastungen, Bewegungsarmut, psychischer [&hellip;]<\/p>\n","protected":false},"author":1,"featured_media":0,"parent":0,"menu_order":0,"comment_status":"closed","ping_status":"closed","template":"full-width-page-template.php","meta":{"footnotes":""},"class_list":["post-192","page","type-page","status-publish","hentry"],"_links":{"self":[{"href":"https:\/\/medna.de\/index.php?rest_route=\/wp\/v2\/pages\/192","targetHints":{"allow":["GET"]}}],"collection":[{"href":"https:\/\/medna.de\/index.php?rest_route=\/wp\/v2\/pages"}],"about":[{"href":"https:\/\/medna.de\/index.php?rest_route=\/wp\/v2\/types\/page"}],"author":[{"embeddable":true,"href":"https:\/\/medna.de\/index.php?rest_route=\/wp\/v2\/users\/1"}],"replies":[{"embeddable":true,"href":"https:\/\/medna.de\/index.php?rest_route=%2Fwp%2Fv2%2Fcomments&post=192"}],"version-history":[{"count":3,"href":"https:\/\/medna.de\/index.php?rest_route=\/wp\/v2\/pages\/192\/revisions"}],"predecessor-version":[{"id":247,"href":"https:\/\/medna.de\/index.php?rest_route=\/wp\/v2\/pages\/192\/revisions\/247"}],"wp:attachment":[{"href":"https:\/\/medna.de\/index.php?rest_route=%2Fwp%2Fv2%2Fmedia&parent=192"}],"curies":[{"name":"wp","href":"https:\/\/api.w.org\/{rel}","templated":true}]}}